{"id":118,"date":"2024-08-15T12:15:23","date_gmt":"2024-08-15T10:15:23","guid":{"rendered":"https:\/\/shop2.trueffelfarm.ch\/?post_type=product&#038;p=118"},"modified":"2026-04-24T09:05:48","modified_gmt":"2026-04-24T07:05:48","slug":"waldhonig-aus-mellingen","status":"publish","type":"product","link":"http:\/\/shop.trueffelfarm.ch\/index.php\/produkt\/waldhonig-aus-mellingen\/","title":{"rendered":"Der beste Waldhonig aus Mellingen"},"content":{"rendered":"<p>Nach einem, wetterbedingten, Jahr ohne Waldhonig, sind unsere Bienen dieses Jahr umso fleissiger unterwegs gewesen.<\/p>\n<p>Unser Waldhonig mit demJahrgang 2025 ist \u00e4usserst aromatisch und weisst eine hohe Konsistenz auf. Einfach ein Genuss.<br \/>\nUnd du weisst ja: fr\u00fcher &#8222;Vogel&#8220; f\u00e4ngt den feinen Waldhonig.<\/p>\n<p>&nbsp;<\/p>\n","protected":false},"excerpt":{"rendered":"<p>Reiner, frischer Waldhonig mit einem unvergleichbar w\u00fcrzigen Aroma. Aus Honigtau von Weisstannen, Fichten und Laubb\u00e4umen. D\u00fcnnfl\u00fcssig und mit feiner Textur. Die charakteristische F\u00e4rbung stammt von unseren einheimischen Waldb\u00e4umen. Weicher, aromatischer Geschmack. Gute Streicheigenschaften. Charakteristische, dunkle F\u00e4rbung.<\/p>\n<p><span style=\"color: #ff6600;\"><strong>Im praktischen Glas mit 500 g Inhalt<\/strong><\/span><\/p>\n","protected":false},"featured_media":18,"comment_status":"open","ping_status":"closed","template":"","meta":[],"product_brand":[],"product_cat":[21],"product_tag":[28,25,18,24],"class_list":["post-118","product","type-product","status-publish","has-post-thumbnail","product_cat-honig","product_tag-abgestimmte-textur","product_tag-feiner-geschmack","product_tag-honig","product_tag-waldhonig","first","instock","purchasable","product-type-simple"],"_links":{"self":[{"href":"http:\/\/shop.trueffelfarm.ch\/index.php\/wp-json\/wp\/v2\/product\/118","targetHints":{"allow":["GET"]}}],"collection":[{"href":"http:\/\/shop.trueffelfarm.ch\/index.php\/wp-json\/wp\/v2\/product"}],"about":[{"href":"http:\/\/shop.trueffelfarm.ch\/index.php\/wp-json\/wp\/v2\/types\/product"}],"replies":[{"embeddable":true,"href":"http:\/\/shop.trueffelfarm.ch\/index.php\/wp-json\/wp\/v2\/comments?post=118"}],"wp:featuredmedia":[{"embeddable":true,"href":"http:\/\/shop.trueffelfarm.ch\/index.php\/wp-json\/wp\/v2\/media\/18"}],"wp:attachment":[{"href":"http:\/\/shop.trueffelfarm.ch\/index.php\/wp-json\/wp\/v2\/media?parent=118"}],"wp:term":[{"taxonomy":"product_brand","embeddable":true,"href":"http:\/\/shop.trueffelfarm.ch\/index.php\/wp-json\/wp\/v2\/product_brand?post=118"},{"taxonomy":"product_cat","embeddable":true,"href":"http:\/\/shop.trueffelfarm.ch\/index.php\/wp-json\/wp\/v2\/product_cat?post=118"},{"taxonomy":"product_tag","embeddable":true,"href":"http:\/\/shop.trueffelfarm.ch\/index.php\/wp-json\/wp\/v2\/product_tag?post=118"}],"curies":[{"name":"wp","href":"https:\/\/api.w.org\/{rel}","templated":true}]}}